{"id":438,"date":"2021-02-22T15:06:41","date_gmt":"2021-02-22T15:06:41","guid":{"rendered":"https:\/\/les-terrasses-de-la-bergerie.ddnsfree.com\/?page_id=438"},"modified":"2025-11-24T14:05:11","modified_gmt":"2025-11-24T14:05:11","slug":"photos","status":"publish","type":"page","link":"https:\/\/lesterrassesdelabergerie.fr\/en\/photos\/","title":{"rendered":"Photos"},"content":{"rendered":"<div data-elementor-type=\"wp-page\" data-elementor-id=\"438\" class=\"elementor elementor-438\">\n\t\t\t\t\t\t<section class=\"elementor-section elementor-top-section elementor-element elementor-element-ca8d5c9 elementor-section-stretched elementor-section-boxed elementor-section-height-default elementor-section-height-default\" data-id=\"ca8d5c9\" data-element_type=\"section\" data-settings=\"{&quot;stretch_section&quot;:&quot;section-stretched&quot;}\">\n\t\t\t\t\t\t<div class=\"elementor-container elementor-column-gap-default\">\n\t\t\t\t\t<div class=\"elementor-column elementor-col-100 elementor-top-column elementor-element elementor-element-37c0653\" data-id=\"37c0653\" data-element_type=\"column\">\n\t\t\t<div class=\"elementor-widget-wrap elementor-element-populated\">\n\t\t\t\t\t\t<div class=\"elementor-element elementor-element-6f32f4e elementor-widget elementor-widget-gallery\" data-id=\"6f32f4e\" data-element_type=\"widget\" data-settings=\"{&quot;gallery_layout&quot;:&quot;justified&quot;,&quot;lazyload&quot;:&quot;yes&quot;,&quot;ideal_row_height&quot;:{&quot;unit&quot;:&quot;px&quot;,&quot;size&quot;:200,&quot;sizes&quot;:[]},&quot;ideal_row_height_tablet&quot;:{&quot;unit&quot;:&quot;px&quot;,&quot;size&quot;:150,&quot;sizes&quot;:[]},&quot;ideal_row_height_mobile&quot;:{&quot;unit&quot;:&quot;px&quot;,&quot;size&quot;:150,&quot;sizes&quot;:[]},&quot;gap&quot;:{&quot;unit&quot;:&quot;px&quot;,&quot;size&quot;:10,&quot;sizes&quot;:[]},&quot;gap_tablet&quot;:{&quot;unit&quot;:&quot;px&quot;,&quot;size&quot;:10,&quot;sizes&quot;:[]},&quot;gap_mobile&quot;:{&quot;unit&quot;:&quot;px&quot;,&quot;size&quot;:10,&quot;sizes&quot;:[]},&quot;content_hover_animation&quot;:&quot;fade-in&quot;}\" data-widget_type=\"gallery.default\">\n\t\t\t\t<div class=\"elementor-widget-container\">\n\t\t\t\t\t\t\t<div class=\"elementor-gallery__container\">\n\t\t\t\t\t\t\t<div class=\"e-gallery-item elementor-gallery-item elementor-animated-content\">\n\t\t\t\t\t<div class=\"e-gallery-image elementor-gallery-item__image\" data-thumbnail=\"https:\/\/lesterrassesdelabergerie.fr\/wp-content\/uploads\/2021\/10\/Orcieres-Ski-de-fond-300x122.jpg\" data-width=\"300\" data-height=\"122\" alt=\"\" ><\/div>\n\t\t\t\t\t\t\t\t\t\t\t\t\t\t<\/div>\n\t\t\t\t\t\t\t<div class=\"e-gallery-item elementor-gallery-item elementor-animated-content\">\n\t\t\t\t\t<div class=\"e-gallery-image elementor-gallery-item__image\" data-thumbnail=\"https:\/\/lesterrassesdelabergerie.fr\/wp-content\/uploads\/2022\/02\/20220123_101540-300x225.jpg\" data-width=\"300\" data-height=\"225\" alt=\"\" ><\/div>\n\t\t\t\t\t\t\t\t\t\t\t\t\t\t<\/div>\n\t\t\t\t\t\t\t<div class=\"e-gallery-item elementor-gallery-item elementor-animated-content\">\n\t\t\t\t\t<div class=\"e-gallery-image elementor-gallery-item__image\" data-thumbnail=\"https:\/\/lesterrassesdelabergerie.fr\/wp-content\/uploads\/2021\/10\/Orcieres-Pool-2-300x192.jpg\" data-width=\"300\" data-height=\"192\" alt=\"\" ><\/div>\n\t\t\t\t\t\t\t\t\t\t\t\t\t\t<\/div>\n\t\t\t\t\t\t\t<div class=\"e-gallery-item elementor-gallery-item elementor-animated-content\">\n\t\t\t\t\t<div class=\"e-gallery-image elementor-gallery-item__image\" data-thumbnail=\"https:\/\/lesterrassesdelabergerie.fr\/wp-content\/uploads\/2021\/02\/140463-300x199.jpg\" data-width=\"300\" data-height=\"199\" alt=\"Mountain View\" ><\/div>\n\t\t\t\t\t\t\t\t\t\t\t\t\t\t<\/div>\n\t\t\t\t\t\t\t<div class=\"e-gallery-item elementor-gallery-item elementor-animated-content\">\n\t\t\t\t\t<div class=\"e-gallery-image elementor-gallery-item__image\" data-thumbnail=\"https:\/\/lesterrassesdelabergerie.fr\/wp-content\/uploads\/2021\/10\/Orcieres-Entree-300x192.jpg\" data-width=\"300\" data-height=\"192\" alt=\"\" ><\/div>\n\t\t\t\t\t\t\t\t\t\t\t\t\t\t<\/div>\n\t\t\t\t\t\t\t<div class=\"e-gallery-item elementor-gallery-item elementor-animated-content\">\n\t\t\t\t\t<div class=\"e-gallery-image elementor-gallery-item__image\" data-thumbnail=\"https:\/\/lesterrassesdelabergerie.fr\/wp-content\/uploads\/2021\/10\/Orcieres-Les-Terrasses-de-la-Bergerie-2-300x192.jpg\" data-width=\"300\" data-height=\"192\" alt=\"\" ><\/div>\n\t\t\t\t\t\t\t\t\t\t\t\t\t\t<\/div>\n\t\t\t\t\t\t\t<div class=\"e-gallery-item elementor-gallery-item elementor-animated-content\">\n\t\t\t\t\t<div class=\"e-gallery-image elementor-gallery-item__image\" data-thumbnail=\"https:\/\/lesterrassesdelabergerie.fr\/wp-content\/uploads\/2021\/02\/4387-300x170.jpg\" data-width=\"300\" data-height=\"170\" alt=\"\" ><\/div>\n\t\t\t\t\t\t\t\t\t\t\t\t\t\t<\/div>\n\t\t\t\t\t\t\t<div class=\"e-gallery-item elementor-gallery-item elementor-animated-content\">\n\t\t\t\t\t<div class=\"e-gallery-image elementor-gallery-item__image\" data-thumbnail=\"https:\/\/lesterrassesdelabergerie.fr\/wp-content\/uploads\/2021\/10\/Orcieres-Pool-1-300x192.jpg\" data-width=\"300\" data-height=\"192\" alt=\"\" ><\/div>\n\t\t\t\t\t\t\t\t\t\t\t\t\t\t<\/div>\n\t\t\t\t\t\t\t<div class=\"e-gallery-item elementor-gallery-item elementor-animated-content\">\n\t\t\t\t\t<div class=\"e-gallery-image elementor-gallery-item__image\" data-thumbnail=\"https:\/\/lesterrassesdelabergerie.fr\/wp-content\/uploads\/2022\/02\/IMG-4260-225x300.jpg\" data-width=\"225\" data-height=\"300\" alt=\"\" ><\/div>\n\t\t\t\t\t\t\t\t\t\t\t\t\t\t<\/div>\n\t\t\t\t\t\t\t<div class=\"e-gallery-item elementor-gallery-item elementor-animated-content\">\n\t\t\t\t\t<div class=\"e-gallery-image elementor-gallery-item__image\" data-thumbnail=\"https:\/\/lesterrassesdelabergerie.fr\/wp-content\/uploads\/2021\/02\/tmp2935_location-ski-orcieres-merlette-residence-odalys-les-terrasses-de-la-bergerie-6-300x192.jpg\" data-width=\"300\" data-height=\"192\" alt=\"\" ><\/div>\n\t\t\t\t\t\t\t\t\t\t\t\t\t\t<\/div>\n\t\t\t\t\t\t\t<div class=\"e-gallery-item elementor-gallery-item elementor-animated-content\">\n\t\t\t\t\t<div class=\"e-gallery-image elementor-gallery-item__image\" data-thumbnail=\"https:\/\/lesterrassesdelabergerie.fr\/wp-content\/uploads\/2021\/10\/Orcieres-Piscine-300x192.jpg\" data-width=\"300\" data-height=\"192\" alt=\"\" ><\/div>\n\t\t\t\t\t\t\t\t\t\t\t\t\t\t<\/div>\n\t\t\t\t\t\t\t<div class=\"e-gallery-item elementor-gallery-item elementor-animated-content\">\n\t\t\t\t\t<div class=\"e-gallery-image elementor-gallery-item__image\" data-thumbnail=\"https:\/\/lesterrassesdelabergerie.fr\/wp-content\/uploads\/2021\/07\/LL-Orcieres-300x289.jpg\" data-width=\"300\" data-height=\"289\" alt=\"\" ><\/div>\n\t\t\t\t\t\t\t\t\t\t\t\t\t\t<\/div>\n\t\t\t\t\t\t\t<div class=\"e-gallery-item elementor-gallery-item elementor-animated-content\">\n\t\t\t\t\t<div class=\"e-gallery-image elementor-gallery-item__image\" data-thumbnail=\"https:\/\/lesterrassesdelabergerie.fr\/wp-content\/uploads\/2021\/11\/Orcieres-Les-Terrasses-de-la-Bergerie-300x192.jpg\" data-width=\"300\" data-height=\"192\" alt=\"\" ><\/div>\n\t\t\t\t\t\t\t\t\t\t\t\t\t\t<\/div>\n\t\t\t\t\t\t\t<div class=\"e-gallery-item elementor-gallery-item elementor-animated-content\">\n\t\t\t\t\t<div class=\"e-gallery-image elementor-gallery-item__image\" data-thumbnail=\"https:\/\/lesterrassesdelabergerie.fr\/wp-content\/uploads\/2021\/02\/tmp2946_location-ski-orcieres-merlette-residence-odalys-les-terrasses-de-la-bergerie-7-300x192.jpg\" data-width=\"300\" data-height=\"192\" alt=\"\" ><\/div>\n\t\t\t\t\t\t\t\t\t\t\t\t\t\t<\/div>\n\t\t\t\t\t\t\t<div class=\"e-gallery-item elementor-gallery-item elementor-animated-content\">\n\t\t\t\t\t<div class=\"e-gallery-image elementor-gallery-item__image\" data-thumbnail=\"https:\/\/lesterrassesdelabergerie.fr\/wp-content\/uploads\/2021\/03\/20210228_153916-300x225.jpg\" data-width=\"300\" data-height=\"225\" alt=\"\" ><\/div>\n\t\t\t\t\t\t\t\t\t\t\t\t\t\t<\/div>\n\t\t\t\t\t\t\t<div class=\"e-gallery-item elementor-gallery-item elementor-animated-content\">\n\t\t\t\t\t<div class=\"e-gallery-image elementor-gallery-item__image\" data-thumbnail=\"https:\/\/lesterrassesdelabergerie.fr\/wp-content\/uploads\/2021\/10\/Orcieres-Living-Room-1-300x192.jpg\" data-width=\"300\" data-height=\"192\" alt=\"\" ><\/div>\n\t\t\t\t\t\t\t\t\t\t\t\t\t\t<\/div>\n\t\t\t\t\t\t\t<div class=\"e-gallery-item elementor-gallery-item elementor-animated-content\">\n\t\t\t\t\t<div class=\"e-gallery-image elementor-gallery-item__image\" data-thumbnail=\"https:\/\/lesterrassesdelabergerie.fr\/wp-content\/uploads\/2021\/03\/GOPR0376-300x225.jpg\" data-width=\"300\" data-height=\"225\" alt=\"\" ><\/div>\n\t\t\t\t\t\t\t\t\t\t\t\t\t\t<\/div>\n\t\t\t\t\t\t\t<div class=\"e-gallery-item elementor-gallery-item elementor-animated-content\">\n\t\t\t\t\t<div class=\"e-gallery-image elementor-gallery-item__image\" data-thumbnail=\"https:\/\/lesterrassesdelabergerie.fr\/wp-content\/uploads\/2022\/02\/IMG-4261-300x225.jpg\" data-width=\"300\" data-height=\"225\" alt=\"\" ><\/div>\n\t\t\t\t\t\t\t\t\t\t\t\t\t\t<\/div>\n\t\t\t\t\t\t\t<div class=\"e-gallery-item elementor-gallery-item elementor-animated-content\">\n\t\t\t\t\t<div class=\"e-gallery-image elementor-gallery-item__image\" data-thumbnail=\"https:\/\/lesterrassesdelabergerie.fr\/wp-content\/uploads\/2021\/10\/Orcieres-Descente-300x119.jpg\" data-width=\"300\" data-height=\"119\" alt=\"\" ><\/div>\n\t\t\t\t\t\t\t\t\t\t\t\t\t\t<\/div>\n\t\t\t\t\t\t\t<div class=\"e-gallery-item elementor-gallery-item elementor-animated-content\">\n\t\t\t\t\t<div class=\"e-gallery-image elementor-gallery-item__image\" data-thumbnail=\"https:\/\/lesterrassesdelabergerie.fr\/wp-content\/uploads\/2021\/02\/csm_6747220_6e0999acfb-300x199.jpg\" data-width=\"300\" data-height=\"199\" alt=\"\" ><\/div>\n\t\t\t\t\t\t\t\t\t\t\t\t\t\t<\/div>\n\t\t\t\t\t\t\t<div class=\"e-gallery-item elementor-gallery-item elementor-animated-content\">\n\t\t\t\t\t<div class=\"e-gallery-image elementor-gallery-item__image\" data-thumbnail=\"https:\/\/lesterrassesdelabergerie.fr\/wp-content\/uploads\/2022\/01\/IMG_9539-300x225.jpg\" data-width=\"300\" data-height=\"225\" alt=\"\" ><\/div>\n\t\t\t\t\t\t\t\t\t\t\t\t\t\t<\/div>\n\t\t\t\t\t\t\t<div class=\"e-gallery-item elementor-gallery-item elementor-animated-content\">\n\t\t\t\t\t<div class=\"e-gallery-image elementor-gallery-item__image\" data-thumbnail=\"https:\/\/lesterrassesdelabergerie.fr\/wp-content\/uploads\/2021\/03\/20210228_110306-scaled-e1617792086632-300x191.jpg\" data-width=\"300\" data-height=\"191\" alt=\"\" ><\/div>\n\t\t\t\t\t\t\t\t\t\t\t\t\t\t<\/div>\n\t\t\t\t\t\t\t<div class=\"e-gallery-item elementor-gallery-item elementor-animated-content\">\n\t\t\t\t\t<div class=\"e-gallery-image elementor-gallery-item__image\" data-thumbnail=\"https:\/\/lesterrassesdelabergerie.fr\/wp-content\/uploads\/2022\/01\/IMG_9536-300x225.jpg\" data-width=\"300\" data-height=\"225\" alt=\"\" ><\/div>\n\t\t\t\t\t\t\t\t\t\t\t\t\t\t<\/div>\n\t\t\t\t\t\t\t<div class=\"e-gallery-item elementor-gallery-item elementor-animated-content\">\n\t\t\t\t\t<div class=\"e-gallery-image elementor-gallery-item__image\" data-thumbnail=\"https:\/\/lesterrassesdelabergerie.fr\/wp-content\/uploads\/2021\/09\/20210814_110906-300x146.jpg\" data-width=\"300\" data-height=\"146\" alt=\"\" ><\/div>\n\t\t\t\t\t\t\t\t\t\t\t\t\t\t<\/div>\n\t\t\t\t\t\t\t<div class=\"e-gallery-item elementor-gallery-item elementor-animated-content\">\n\t\t\t\t\t<div class=\"e-gallery-image elementor-gallery-item__image\" data-thumbnail=\"https:\/\/lesterrassesdelabergerie.fr\/wp-content\/uploads\/2021\/09\/IMG_20210814_100346-300x225.jpg\" data-width=\"300\" data-height=\"225\" alt=\"\" ><\/div>\n\t\t\t\t\t\t\t\t\t\t\t\t\t\t<\/div>\n\t\t\t\t\t\t\t<div class=\"e-gallery-item elementor-gallery-item elementor-animated-content\">\n\t\t\t\t\t<div class=\"e-gallery-image elementor-gallery-item__image\" data-thumbnail=\"https:\/\/lesterrassesdelabergerie.fr\/wp-content\/uploads\/2021\/03\/20210228_115044-300x225.jpg\" data-width=\"300\" data-height=\"225\" alt=\"\" ><\/div>\n\t\t\t\t\t\t\t\t\t\t\t\t\t\t<\/div>\n\t\t\t\t\t\t\t<div class=\"e-gallery-item elementor-gallery-item elementor-animated-content\">\n\t\t\t\t\t<div class=\"e-gallery-image elementor-gallery-item__image\" data-thumbnail=\"https:\/\/lesterrassesdelabergerie.fr\/wp-content\/uploads\/2021\/02\/csm_772438_da936d432d-300x200.jpg\" data-width=\"300\" data-height=\"200\" alt=\"\" ><\/div>\n\t\t\t\t\t\t\t\t\t\t\t\t\t\t<\/div>\n\t\t\t\t\t\t\t<div class=\"e-gallery-item elementor-gallery-item elementor-animated-content\">\n\t\t\t\t\t<div class=\"e-gallery-image elementor-gallery-item__image\" data-thumbnail=\"https:\/\/lesterrassesdelabergerie.fr\/wp-content\/uploads\/2021\/09\/IMG_20210814_101009-225x300.jpg\" data-width=\"225\" data-height=\"300\" alt=\"\" ><\/div>\n\t\t\t\t\t\t\t\t\t\t\t\t\t\t<\/div>\n\t\t\t\t\t\t\t<div class=\"e-gallery-item elementor-gallery-item elementor-animated-content\">\n\t\t\t\t\t<div class=\"e-gallery-image elementor-gallery-item__image\" data-thumbnail=\"https:\/\/lesterrassesdelabergerie.fr\/wp-content\/uploads\/2021\/10\/Orcieres-Les-Terrasses-de-la-Bergerie-3-300x192.jpg\" data-width=\"300\" data-height=\"192\" alt=\"\" ><\/div>\n\t\t\t\t\t\t\t\t\t\t\t\t\t\t<\/div>\n\t\t\t\t\t\t\t<div class=\"e-gallery-item elementor-gallery-item elementor-animated-content\">\n\t\t\t\t\t<div class=\"e-gallery-image elementor-gallery-item__image\" data-thumbnail=\"https:\/\/lesterrassesdelabergerie.fr\/wp-content\/uploads\/2021\/02\/roll-air-cable-300x199.jpg\" data-width=\"300\" data-height=\"199\" alt=\"\" ><\/div>\n\t\t\t\t\t\t\t\t\t\t\t\t\t\t<\/div>\n\t\t\t\t\t\t\t<div class=\"e-gallery-item elementor-gallery-item elementor-animated-content\">\n\t\t\t\t\t<div class=\"e-gallery-image elementor-gallery-item__image\" data-thumbnail=\"https:\/\/lesterrassesdelabergerie.fr\/wp-content\/uploads\/2021\/09\/IMG_20210814_101033-225x300.jpg\" data-width=\"225\" data-height=\"300\" alt=\"\" ><\/div>\n\t\t\t\t\t\t\t\t\t\t\t\t\t\t<\/div>\n\t\t\t\t\t<\/div>\n\t\t\t\t\t<\/div>\n\t\t\t\t<\/div>\n\t\t\t\t\t<\/div>\n\t\t<\/div>\n\t\t\t\t\t<\/div>\n\t\t<\/section>\n\t\t\t\t<section class=\"elementor-section elementor-top-section elementor-element elementor-element-8350010 elementor-section-stretched snow-bg elementor-section-boxed elementor-section-height-default elementor-section-height-default\" data-id=\"8350010\" data-element_type=\"section\" data-settings=\"{&quot;stretch_section&quot;:&quot;section-stretched&quot;}\">\n\t\t\t\t\t\t<div class=\"elementor-container elementor-column-gap-default\">\n\t\t\t\t\t<div class=\"elementor-column elementor-col-100 elementor-top-column elementor-element elementor-element-6a3571e\" data-id=\"6a3571e\" data-element_type=\"column\">\n\t\t\t<div class=\"elementor-widget-wrap elementor-element-populated\">\n\t\t\t\t\t\t<div class=\"elementor-element elementor-element-d2fa360 elementor-widget elementor-widget-image-gallery\" data-id=\"d2fa360\" data-element_type=\"widget\" data-widget_type=\"image-gallery.default\">\n\t\t\t\t<div class=\"elementor-widget-container\">\n\t\t\t\t\t\t\t<div class=\"elementor-image-gallery\">\n\t\t\t\n\t\t<style type=\"text\/css\">\n\t\t\t#gallery-1 {\n\t\t\t\tmargin: auto;\n\t\t\t}\n\t\t\t#gallery-1 .gallery-item {\n\t\t\t\tfloat: left;\n\t\t\t\tmargin-top: 10px;\n\t\t\t\ttext-align: center;\n\t\t\t\twidth: 25%;\n\t\t\t}\n\t\t\t#gallery-1 img {\n\t\t\t\tborder: 2px solid #cfcfcf;\n\t\t\t}\n\t\t\t#gallery-1 .gallery-caption {\n\t\t\t\tmargin-left: 0;\n\t\t\t}\n\t\t\t\/* see gallery_shortcode() in wp-includes\/media.php *\/\n\t\t<\/style>\n\t\t<div id='gallery-1' class='gallery galleryid-438 gallery-columns-4 gallery-size-thumbnail'><dl class='gallery-item'>\n\t\t\t<dt class='gallery-icon landscape'>\n\t\t\t\t<a data-elementor-open-lightbox=\"yes\" data-elementor-lightbox-slideshow=\"d2fa360\" data-e-action-hash=\"#elementor-action%3Aaction%3Dlightbox%26settings%3DeyJpZCI6NDQwLCJ1cmwiOiJodHRwczpcL1wvbGVzdGVycmFzc2VzZGVsYWJlcmdlcmllLmZyXC93cC1jb250ZW50XC91cGxvYWRzXC8yMDIxXC8wMlwvMTQwNDYzLmpwZyIsInNsaWRlc2hvdyI6ImQyZmEzNjAifQ%3D%3D\" href='https:\/\/lesterrassesdelabergerie.fr\/wp-content\/uploads\/2021\/02\/140463.jpg'><img decoding=\"async\" width=\"150\" height=\"150\" src=\"https:\/\/lesterrassesdelabergerie.fr\/wp-content\/uploads\/2021\/02\/140463-150x150.jpg\" class=\"attachment-thumbnail size-thumbnail\" alt=\"Mountain View\" srcset=\"https:\/\/lesterrassesdelabergerie.fr\/wp-content\/uploads\/2021\/02\/140463-150x150.jpg 150w, https:\/\/lesterrassesdelabergerie.fr\/wp-content\/uploads\/2021\/02\/140463-160x160.jpg 160w\" sizes=\"(max-width: 150px) 100vw, 150px\" \/><\/a>\n\t\t\t<\/dt><\/dl><dl class='gallery-item'>\n\t\t\t<dt class='gallery-icon landscape'>\n\t\t\t\t<a data-elementor-open-lightbox=\"yes\" data-elementor-lightbox-slideshow=\"d2fa360\" data-e-action-hash=\"#elementor-action%3Aaction%3Dlightbox%26settings%3DeyJpZCI6MTczOSwidXJsIjoiaHR0cHM6XC9cL2xlc3RlcnJhc3Nlc2RlbGFiZXJnZXJpZS5mclwvd3AtY29udGVudFwvdXBsb2Fkc1wvMjAyMVwvMTFcLzIwMjEwMjI4XzE1MzkxNi1zY2FsZWQtMS5qcGciLCJzbGlkZXNob3ciOiJkMmZhMzYwIn0%3D\" data-elementor-lightbox-title=\"20210228_153916-scaled.jpg\" href='https:\/\/lesterrassesdelabergerie.fr\/wp-content\/uploads\/2021\/11\/20210228_153916-scaled-1.jpg'><img decoding=\"async\" width=\"150\" height=\"150\" src=\"https:\/\/lesterrassesdelabergerie.fr\/wp-content\/uploads\/2021\/11\/20210228_153916-scaled-1-150x150.jpg\" class=\"attachment-thumbnail size-thumbnail\" alt=\"\" srcset=\"https:\/\/lesterrassesdelabergerie.fr\/wp-content\/uploads\/2021\/11\/20210228_153916-scaled-1-150x150.jpg 150w, https:\/\/lesterrassesdelabergerie.fr\/wp-content\/uploads\/2021\/11\/20210228_153916-scaled-1-160x160.jpg 160w\" sizes=\"(max-width: 150px) 100vw, 150px\" \/><\/a>\n\t\t\t<\/dt><\/dl><dl class='gallery-item'>\n\t\t\t<dt class='gallery-icon landscape'>\n\t\t\t\t<a data-elementor-open-lightbox=\"yes\" data-elementor-lightbox-slideshow=\"d2fa360\" data-e-action-hash=\"#elementor-action%3Aaction%3Dlightbox%26settings%3DeyJpZCI6MTc0MCwidXJsIjoiaHR0cHM6XC9cL2xlc3RlcnJhc3Nlc2RlbGFiZXJnZXJpZS5mclwvd3AtY29udGVudFwvdXBsb2Fkc1wvMjAyMVwvMTFcLzQzODcuanBnIiwic2xpZGVzaG93IjoiZDJmYTM2MCJ9\" data-elementor-lightbox-title=\"4387.jpg\" href='https:\/\/lesterrassesdelabergerie.fr\/wp-content\/uploads\/2021\/11\/4387.jpg'><img decoding=\"async\" width=\"150\" height=\"150\" src=\"https:\/\/lesterrassesdelabergerie.fr\/wp-content\/uploads\/2021\/11\/4387-150x150.jpg\" class=\"attachment-thumbnail size-thumbnail\" alt=\"\" srcset=\"https:\/\/lesterrassesdelabergerie.fr\/wp-content\/uploads\/2021\/11\/4387-150x150.jpg 150w, https:\/\/lesterrassesdelabergerie.fr\/wp-content\/uploads\/2021\/11\/4387-160x160.jpg 160w\" sizes=\"(max-width: 150px) 100vw, 150px\" \/><\/a>\n\t\t\t<\/dt><\/dl><dl class='gallery-item'>\n\t\t\t<dt class='gallery-icon landscape'>\n\t\t\t\t<a data-elementor-open-lightbox=\"yes\" data-elementor-lightbox-slideshow=\"d2fa360\" data-e-action-hash=\"#elementor-action%3Aaction%3Dlightbox%26settings%3DeyJpZCI6NDA2LCJ1cmwiOiJodHRwczpcL1wvbGVzdGVycmFzc2VzZGVsYWJlcmdlcmllLmZyXC93cC1jb250ZW50XC91cGxvYWRzXC8yMDIxXC8wMlwvY3NtXzY3NDcyMjBfNmUwOTk5YWNmYi5qcGciLCJzbGlkZXNob3ciOiJkMmZhMzYwIn0%3D\" data-elementor-lightbox-title=\"4387.jpg\" href='https:\/\/lesterrassesdelabergerie.fr\/wp-content\/uploads\/2021\/02\/csm_6747220_6e0999acfb.jpg'><img loading=\"lazy\" decoding=\"async\" width=\"150\" height=\"150\" src=\"https:\/\/lesterrassesdelabergerie.fr\/wp-content\/uploads\/2021\/02\/csm_6747220_6e0999acfb-150x150.jpg\" class=\"attachment-thumbnail size-thumbnail\" alt=\"\" srcset=\"https:\/\/lesterrassesdelabergerie.fr\/wp-content\/uploads\/2021\/02\/csm_6747220_6e0999acfb-150x150.jpg 150w, https:\/\/lesterrassesdelabergerie.fr\/wp-content\/uploads\/2021\/02\/csm_6747220_6e0999acfb-160x160.jpg 160w\" sizes=\"(max-width: 150px) 100vw, 150px\" \/><\/a>\n\t\t\t<\/dt><\/dl><br style=\"clear: both\" \/><dl class='gallery-item'>\n\t\t\t<dt class='gallery-icon landscape'>\n\t\t\t\t<a data-elementor-open-lightbox=\"yes\" data-elementor-lightbox-slideshow=\"d2fa360\" data-e-action-hash=\"#elementor-action%3Aaction%3Dlightbox%26settings%3DeyJpZCI6Mzk0LCJ1cmwiOiJodHRwczpcL1wvbGVzdGVycmFzc2VzZGVsYWJlcmdlcmllLmZyXC93cC1jb250ZW50XC91cGxvYWRzXC8yMDIxXC8wMlwvdG1wMjk0N19sb2NhdGlvbi1za2ktb3JjaWVyZXMtbWVybGV0dGUtcmVzaWRlbmNlLW9kYWx5cy1sZXMtdGVycmFzc2VzLWRlLWxhLWJlcmdlcmllLTguanBnIiwic2xpZGVzaG93IjoiZDJmYTM2MCJ9\" data-elementor-lightbox-title=\"4387.jpg\" href='https:\/\/lesterrassesdelabergerie.fr\/wp-content\/uploads\/2021\/02\/tmp2947_location-ski-orcieres-merlette-residence-odalys-les-terrasses-de-la-bergerie-8.jpg'><img loading=\"lazy\" decoding=\"async\" width=\"150\" height=\"150\" src=\"https:\/\/lesterrassesdelabergerie.fr\/wp-content\/uploads\/2021\/02\/tmp2947_location-ski-orcieres-merlette-residence-odalys-les-terrasses-de-la-bergerie-8-150x150.jpg\" class=\"attachment-thumbnail size-thumbnail\" alt=\"\" srcset=\"https:\/\/lesterrassesdelabergerie.fr\/wp-content\/uploads\/2021\/02\/tmp2947_location-ski-orcieres-merlette-residence-odalys-les-terrasses-de-la-bergerie-8-150x150.jpg 150w, https:\/\/lesterrassesdelabergerie.fr\/wp-content\/uploads\/2021\/02\/tmp2947_location-ski-orcieres-merlette-residence-odalys-les-terrasses-de-la-bergerie-8-160x160.jpg 160w\" sizes=\"(max-width: 150px) 100vw, 150px\" \/><\/a>\n\t\t\t<\/dt><\/dl><dl class='gallery-item'>\n\t\t\t<dt class='gallery-icon landscape'>\n\t\t\t\t<a data-elementor-open-lightbox=\"yes\" data-elementor-lightbox-slideshow=\"d2fa360\" data-e-action-hash=\"#elementor-action%3Aaction%3Dlightbox%26settings%3DeyJpZCI6MzgzLCJ1cmwiOiJodHRwczpcL1wvbGVzdGVycmFzc2VzZGVsYWJlcmdlcmllLmZyXC93cC1jb250ZW50XC91cGxvYWRzXC8yMDIxXC8wMlwvbG9jYXRpb24tc2tpLW9yY2llcmVzLW1lcmxldHRlLXJlc2lkZW5jZS1vZGFseXMtbGVzLXRlcnJhc3Nlcy1kZS1sYS1iZXJnZXJpZS0xNS5qcGciLCJzbGlkZXNob3ciOiJkMmZhMzYwIn0%3D\" data-elementor-lightbox-title=\"4387.jpg\" href='https:\/\/lesterrassesdelabergerie.fr\/wp-content\/uploads\/2021\/02\/location-ski-orcieres-merlette-residence-odalys-les-terrasses-de-la-bergerie-15.jpg'><img loading=\"lazy\" decoding=\"async\" width=\"150\" height=\"150\" src=\"https:\/\/lesterrassesdelabergerie.fr\/wp-content\/uploads\/2021\/02\/location-ski-orcieres-merlette-residence-odalys-les-terrasses-de-la-bergerie-15-150x150.jpg\" class=\"attachment-thumbnail size-thumbnail\" alt=\"\" srcset=\"https:\/\/lesterrassesdelabergerie.fr\/wp-content\/uploads\/2021\/02\/location-ski-orcieres-merlette-residence-odalys-les-terrasses-de-la-bergerie-15-150x150.jpg 150w, https:\/\/lesterrassesdelabergerie.fr\/wp-content\/uploads\/2021\/02\/location-ski-orcieres-merlette-residence-odalys-les-terrasses-de-la-bergerie-15-160x160.jpg 160w\" sizes=\"(max-width: 150px) 100vw, 150px\" \/><\/a>\n\t\t\t<\/dt><\/dl><dl class='gallery-item'>\n\t\t\t<dt class='gallery-icon landscape'>\n\t\t\t\t<a data-elementor-open-lightbox=\"yes\" data-elementor-lightbox-slideshow=\"d2fa360\" data-e-action-hash=\"#elementor-action%3Aaction%3Dlightbox%26settings%3DeyJpZCI6Mzk1LCJ1cmwiOiJodHRwczpcL1wvbGVzdGVycmFzc2VzZGVsYWJlcmdlcmllLmZyXC93cC1jb250ZW50XC91cGxvYWRzXC8yMDIxXC8wMlwvdG1wMjk1OF9sb2NhdGlvbi1za2ktb3JjaWVyZXMtbWVybGV0dGUtcmVzaWRlbmNlLW9kYWx5cy1sZXMtdGVycmFzc2VzLWRlLWxhLWJlcmdlcmllLTkuanBnIiwic2xpZGVzaG93IjoiZDJmYTM2MCJ9\" data-elementor-lightbox-title=\"4387.jpg\" href='https:\/\/lesterrassesdelabergerie.fr\/wp-content\/uploads\/2021\/02\/tmp2958_location-ski-orcieres-merlette-residence-odalys-les-terrasses-de-la-bergerie-9.jpg'><img loading=\"lazy\" decoding=\"async\" width=\"150\" height=\"150\" src=\"https:\/\/lesterrassesdelabergerie.fr\/wp-content\/uploads\/2021\/02\/tmp2958_location-ski-orcieres-merlette-residence-odalys-les-terrasses-de-la-bergerie-9-150x150.jpg\" class=\"attachment-thumbnail size-thumbnail\" alt=\"\" srcset=\"https:\/\/lesterrassesdelabergerie.fr\/wp-content\/uploads\/2021\/02\/tmp2958_location-ski-orcieres-merlette-residence-odalys-les-terrasses-de-la-bergerie-9-150x150.jpg 150w, https:\/\/lesterrassesdelabergerie.fr\/wp-content\/uploads\/2021\/02\/tmp2958_location-ski-orcieres-merlette-residence-odalys-les-terrasses-de-la-bergerie-9-160x160.jpg 160w\" sizes=\"(max-width: 150px) 100vw, 150px\" \/><\/a>\n\t\t\t<\/dt><\/dl><dl class='gallery-item'>\n\t\t\t<dt class='gallery-icon landscape'>\n\t\t\t\t<a data-elementor-open-lightbox=\"yes\" data-elementor-lightbox-slideshow=\"d2fa360\" data-e-action-hash=\"#elementor-action%3Aaction%3Dlightbox%26settings%3DeyJpZCI6MzkwLCJ1cmwiOiJodHRwczpcL1wvbGVzdGVycmFzc2VzZGVsYWJlcmdlcmllLmZyXC93cC1jb250ZW50XC91cGxvYWRzXC8yMDIxXC8wMlwvdG1wMjkxNF9sb2NhdGlvbi1za2ktb3JjaWVyZXMtbWVybGV0dGUtcmVzaWRlbmNlLW9kYWx5cy1sZXMtdGVycmFzc2VzLWRlLWxhLWJlcmdlcmllLTQuanBnIiwic2xpZGVzaG93IjoiZDJmYTM2MCJ9\" data-elementor-lightbox-title=\"4387.jpg\" href='https:\/\/lesterrassesdelabergerie.fr\/wp-content\/uploads\/2021\/02\/tmp2914_location-ski-orcieres-merlette-residence-odalys-les-terrasses-de-la-bergerie-4.jpg'><img loading=\"lazy\" decoding=\"async\" width=\"150\" height=\"150\" src=\"https:\/\/lesterrassesdelabergerie.fr\/wp-content\/uploads\/2021\/02\/tmp2914_location-ski-orcieres-merlette-residence-odalys-les-terrasses-de-la-bergerie-4-150x150.jpg\" class=\"attachment-thumbnail size-thumbnail\" alt=\"\" srcset=\"https:\/\/lesterrassesdelabergerie.fr\/wp-content\/uploads\/2021\/02\/tmp2914_location-ski-orcieres-merlette-residence-odalys-les-terrasses-de-la-bergerie-4-150x150.jpg 150w, https:\/\/lesterrassesdelabergerie.fr\/wp-content\/uploads\/2021\/02\/tmp2914_location-ski-orcieres-merlette-residence-odalys-les-terrasses-de-la-bergerie-4-160x160.jpg 160w\" sizes=\"(max-width: 150px) 100vw, 150px\" \/><\/a>\n\t\t\t<\/dt><\/dl><br style=\"clear: both\" \/><dl class='gallery-item'>\n\t\t\t<dt class='gallery-icon landscape'>\n\t\t\t\t<a data-elementor-open-lightbox=\"yes\" data-elementor-lightbox-slideshow=\"d2fa360\" data-e-action-hash=\"#elementor-action%3Aaction%3Dlightbox%26settings%3DeyJpZCI6OTkzLCJ1cmwiOiJodHRwczpcL1wvbGVzdGVycmFzc2VzZGVsYWJlcmdlcmllLmZyXC93cC1jb250ZW50XC91cGxvYWRzXC8yMDIxXC8wOVwvSU1HXzIwMjEwODE0XzEwMDM0Ni1zY2FsZWQuanBnIiwic2xpZGVzaG93IjoiZDJmYTM2MCJ9\" data-elementor-lightbox-title=\"4387.jpg\" href='https:\/\/lesterrassesdelabergerie.fr\/wp-content\/uploads\/2021\/09\/IMG_20210814_100346-scaled.jpg'><img loading=\"lazy\" decoding=\"async\" width=\"150\" height=\"150\" src=\"https:\/\/lesterrassesdelabergerie.fr\/wp-content\/uploads\/2021\/09\/IMG_20210814_100346-150x150.jpg\" class=\"attachment-thumbnail size-thumbnail\" alt=\"\" srcset=\"https:\/\/lesterrassesdelabergerie.fr\/wp-content\/uploads\/2021\/09\/IMG_20210814_100346-150x150.jpg 150w, https:\/\/lesterrassesdelabergerie.fr\/wp-content\/uploads\/2021\/09\/IMG_20210814_100346-scaled-160x160.jpg 160w\" sizes=\"(max-width: 150px) 100vw, 150px\" \/><\/a>\n\t\t\t<\/dt><\/dl><dl class='gallery-item'>\n\t\t\t<dt class='gallery-icon landscape'>\n\t\t\t\t<a data-elementor-open-lightbox=\"yes\" data-elementor-lightbox-slideshow=\"d2fa360\" data-e-action-hash=\"#elementor-action%3Aaction%3Dlightbox%26settings%3DeyJpZCI6OTk0LCJ1cmwiOiJodHRwczpcL1wvbGVzdGVycmFzc2VzZGVsYWJlcmdlcmllLmZyXC93cC1jb250ZW50XC91cGxvYWRzXC8yMDIxXC8wOVwvMjAyMTA4MTRfMTEwOTA2LXNjYWxlZC5qcGciLCJzbGlkZXNob3ciOiJkMmZhMzYwIn0%3D\" data-elementor-lightbox-title=\"4387.jpg\" href='https:\/\/lesterrassesdelabergerie.fr\/wp-content\/uploads\/2021\/09\/20210814_110906-scaled.jpg'><img loading=\"lazy\" decoding=\"async\" width=\"150\" height=\"150\" src=\"https:\/\/lesterrassesdelabergerie.fr\/wp-content\/uploads\/2021\/09\/20210814_110906-150x150.jpg\" class=\"attachment-thumbnail size-thumbnail\" alt=\"\" srcset=\"https:\/\/lesterrassesdelabergerie.fr\/wp-content\/uploads\/2021\/09\/20210814_110906-150x150.jpg 150w, https:\/\/lesterrassesdelabergerie.fr\/wp-content\/uploads\/2021\/09\/20210814_110906-scaled-160x160.jpg 160w\" sizes=\"(max-width: 150px) 100vw, 150px\" \/><\/a>\n\t\t\t<\/dt><\/dl><dl class='gallery-item'>\n\t\t\t<dt class='gallery-icon portrait'>\n\t\t\t\t<a data-elementor-open-lightbox=\"yes\" data-elementor-lightbox-slideshow=\"d2fa360\" data-e-action-hash=\"#elementor-action%3Aaction%3Dlightbox%26settings%3DeyJpZCI6OTkxLCJ1cmwiOiJodHRwczpcL1wvbGVzdGVycmFzc2VzZGVsYWJlcmdlcmllLmZyXC93cC1jb250ZW50XC91cGxvYWRzXC8yMDIxXC8wOVwvSU1HXzIwMjEwODE0XzEwMTAzMy1zY2FsZWQuanBnIiwic2xpZGVzaG93IjoiZDJmYTM2MCJ9\" data-elementor-lightbox-title=\"4387.jpg\" href='https:\/\/lesterrassesdelabergerie.fr\/wp-content\/uploads\/2021\/09\/IMG_20210814_101033-scaled.jpg'><img loading=\"lazy\" decoding=\"async\" width=\"150\" height=\"150\" src=\"https:\/\/lesterrassesdelabergerie.fr\/wp-content\/uploads\/2021\/09\/IMG_20210814_101033-150x150.jpg\" class=\"attachment-thumbnail size-thumbnail\" alt=\"\" srcset=\"https:\/\/lesterrassesdelabergerie.fr\/wp-content\/uploads\/2021\/09\/IMG_20210814_101033-150x150.jpg 150w, https:\/\/lesterrassesdelabergerie.fr\/wp-content\/uploads\/2021\/09\/IMG_20210814_101033-scaled-160x160.jpg 160w\" sizes=\"(max-width: 150px) 100vw, 150px\" \/><\/a>\n\t\t\t<\/dt><\/dl><dl class='gallery-item'>\n\t\t\t<dt class='gallery-icon portrait'>\n\t\t\t\t<a data-elementor-open-lightbox=\"yes\" data-elementor-lightbox-slideshow=\"d2fa360\" data-e-action-hash=\"#elementor-action%3Aaction%3Dlightbox%26settings%3DeyJpZCI6MTI1NCwidXJsIjoiaHR0cHM6XC9cL2xlc3RlcnJhc3Nlc2RlbGFiZXJnZXJpZS5mclwvd3AtY29udGVudFwvdXBsb2Fkc1wvMjAyMVwvMTBcL0EyMDctQ2hhbWJyZS0yLXNjYWxlZC5qcGciLCJzbGlkZXNob3ciOiJkMmZhMzYwIn0%3D\" data-elementor-lightbox-title=\"4387.jpg\" href='https:\/\/lesterrassesdelabergerie.fr\/wp-content\/uploads\/2021\/10\/A207-Chambre-2-scaled.jpg'><img loading=\"lazy\" decoding=\"async\" width=\"150\" height=\"150\" src=\"https:\/\/lesterrassesdelabergerie.fr\/wp-content\/uploads\/2021\/10\/A207-Chambre-2-150x150.jpg\" class=\"attachment-thumbnail size-thumbnail\" alt=\"\" srcset=\"https:\/\/lesterrassesdelabergerie.fr\/wp-content\/uploads\/2021\/10\/A207-Chambre-2-150x150.jpg 150w, https:\/\/lesterrassesdelabergerie.fr\/wp-content\/uploads\/2021\/10\/A207-Chambre-2-scaled-160x160.jpg 160w\" sizes=\"(max-width: 150px) 100vw, 150px\" \/><\/a>\n\t\t\t<\/dt><\/dl><br style=\"clear: both\" \/><dl class='gallery-item'>\n\t\t\t<dt class='gallery-icon landscape'>\n\t\t\t\t<a data-elementor-open-lightbox=\"yes\" data-elementor-lightbox-slideshow=\"d2fa360\" data-e-action-hash=\"#elementor-action%3Aaction%3Dlightbox%26settings%3DeyJpZCI6MTc1MCwidXJsIjoiaHR0cHM6XC9cL2xlc3RlcnJhc3Nlc2RlbGFiZXJnZXJpZS5mclwvd3AtY29udGVudFwvdXBsb2Fkc1wvMjAyMVwvMTFcL3RtcDI5MzVfbG9jYXRpb24tc2tpLW9yY2llcmVzLW1lcmxldHRlLXJlc2lkZW5jZS1vZGFseXMtbGVzLXRlcnJhc3Nlcy1kZS1sYS1iZXJnZXJpZS02LmpwZyIsInNsaWRlc2hvdyI6ImQyZmEzNjAifQ%3D%3D\" data-elementor-lightbox-title=\"tmp2935_location-ski-orcieres-merlette-residence-odalys-les-terrasses-de-la-bergerie-6.jpg\" href='https:\/\/lesterrassesdelabergerie.fr\/wp-content\/uploads\/2021\/11\/tmp2935_location-ski-orcieres-merlette-residence-odalys-les-terrasses-de-la-bergerie-6.jpg'><img loading=\"lazy\" decoding=\"async\" width=\"150\" height=\"150\" src=\"https:\/\/lesterrassesdelabergerie.fr\/wp-content\/uploads\/2021\/11\/tmp2935_location-ski-orcieres-merlette-residence-odalys-les-terrasses-de-la-bergerie-6-150x150.jpg\" class=\"attachment-thumbnail size-thumbnail\" alt=\"\" srcset=\"https:\/\/lesterrassesdelabergerie.fr\/wp-content\/uploads\/2021\/11\/tmp2935_location-ski-orcieres-merlette-residence-odalys-les-terrasses-de-la-bergerie-6-150x150.jpg 150w, https:\/\/lesterrassesdelabergerie.fr\/wp-content\/uploads\/2021\/11\/tmp2935_location-ski-orcieres-merlette-residence-odalys-les-terrasses-de-la-bergerie-6-160x160.jpg 160w\" sizes=\"(max-width: 150px) 100vw, 150px\" \/><\/a>\n\t\t\t<\/dt><\/dl><dl class='gallery-item'>\n\t\t\t<dt class='gallery-icon landscape'>\n\t\t\t\t<a data-elementor-open-lightbox=\"yes\" data-elementor-lightbox-slideshow=\"d2fa360\" data-e-action-hash=\"#elementor-action%3Aaction%3Dlightbox%26settings%3DeyJpZCI6MTc1MSwidXJsIjoiaHR0cHM6XC9cL2xlc3RlcnJhc3Nlc2RlbGFiZXJnZXJpZS5mclwvd3AtY29udGVudFwvdXBsb2Fkc1wvMjAyMVwvMTFcL3RtcDI5NDZfbG9jYXRpb24tc2tpLW9yY2llcmVzLW1lcmxldHRlLXJlc2lkZW5jZS1vZGFseXMtbGVzLXRlcnJhc3Nlcy1kZS1sYS1iZXJnZXJpZS03LmpwZyIsInNsaWRlc2hvdyI6ImQyZmEzNjAifQ%3D%3D\" data-elementor-lightbox-title=\"tmp2946_location-ski-orcieres-merlette-residence-odalys-les-terrasses-de-la-bergerie-7.jpg\" href='https:\/\/lesterrassesdelabergerie.fr\/wp-content\/uploads\/2021\/11\/tmp2946_location-ski-orcieres-merlette-residence-odalys-les-terrasses-de-la-bergerie-7.jpg'><img loading=\"lazy\" decoding=\"async\" width=\"150\" height=\"150\" src=\"https:\/\/lesterrassesdelabergerie.fr\/wp-content\/uploads\/2021\/11\/tmp2946_location-ski-orcieres-merlette-residence-odalys-les-terrasses-de-la-bergerie-7-150x150.jpg\" class=\"attachment-thumbnail size-thumbnail\" alt=\"\" srcset=\"https:\/\/lesterrassesdelabergerie.fr\/wp-content\/uploads\/2021\/11\/tmp2946_location-ski-orcieres-merlette-residence-odalys-les-terrasses-de-la-bergerie-7-150x150.jpg 150w, https:\/\/lesterrassesdelabergerie.fr\/wp-content\/uploads\/2021\/11\/tmp2946_location-ski-orcieres-merlette-residence-odalys-les-terrasses-de-la-bergerie-7-160x160.jpg 160w\" sizes=\"(max-width: 150px) 100vw, 150px\" \/><\/a>\n\t\t\t<\/dt><\/dl><dl class='gallery-item'>\n\t\t\t<dt class='gallery-icon landscape'>\n\t\t\t\t<a data-elementor-open-lightbox=\"yes\" data-elementor-lightbox-slideshow=\"d2fa360\" data-e-action-hash=\"#elementor-action%3Aaction%3Dlightbox%26settings%3DeyJpZCI6NTY3LCJ1cmwiOiJodHRwczpcL1wvbGVzdGVycmFzc2VzZGVsYWJlcmdlcmllLmZyXC93cC1jb250ZW50XC91cGxvYWRzXC8yMDIxXC8wM1wvR09QUjAzNzYtc2NhbGVkLmpwZyIsInNsaWRlc2hvdyI6ImQyZmEzNjAifQ%3D%3D\" data-elementor-lightbox-title=\"tmp2946_location-ski-orcieres-merlette-residence-odalys-les-terrasses-de-la-bergerie-7.jpg\" href='https:\/\/lesterrassesdelabergerie.fr\/wp-content\/uploads\/2021\/03\/GOPR0376-scaled.jpg'><img loading=\"lazy\" decoding=\"async\" width=\"150\" height=\"150\" src=\"https:\/\/lesterrassesdelabergerie.fr\/wp-content\/uploads\/2021\/03\/GOPR0376-150x150.jpg\" class=\"attachment-thumbnail size-thumbnail\" alt=\"\" srcset=\"https:\/\/lesterrassesdelabergerie.fr\/wp-content\/uploads\/2021\/03\/GOPR0376-150x150.jpg 150w, https:\/\/lesterrassesdelabergerie.fr\/wp-content\/uploads\/2021\/03\/GOPR0376-scaled-160x160.jpg 160w\" sizes=\"(max-width: 150px) 100vw, 150px\" \/><\/a>\n\t\t\t<\/dt><\/dl><dl class='gallery-item'>\n\t\t\t<dt class='gallery-icon landscape'>\n\t\t\t\t<a data-elementor-open-lightbox=\"yes\" data-elementor-lightbox-slideshow=\"d2fa360\" data-e-action-hash=\"#elementor-action%3Aaction%3Dlightbox%26settings%3DeyJpZCI6MTc1MiwidXJsIjoiaHR0cHM6XC9cL2xlc3RlcnJhc3Nlc2RlbGFiZXJnZXJpZS5mclwvd3AtY29udGVudFwvdXBsb2Fkc1wvMjAyMVwvMTFcLzIwMjEwMjI4XzExNTA0NC1zY2FsZWQtMS5qcGciLCJzbGlkZXNob3ciOiJkMmZhMzYwIn0%3D\" data-elementor-lightbox-title=\"20210228_115044-scaled.jpg\" href='https:\/\/lesterrassesdelabergerie.fr\/wp-content\/uploads\/2021\/11\/20210228_115044-scaled-1.jpg'><img loading=\"lazy\" decoding=\"async\" width=\"150\" height=\"150\" src=\"https:\/\/lesterrassesdelabergerie.fr\/wp-content\/uploads\/2021\/11\/20210228_115044-scaled-1-150x150.jpg\" class=\"attachment-thumbnail size-thumbnail\" alt=\"\" srcset=\"https:\/\/lesterrassesdelabergerie.fr\/wp-content\/uploads\/2021\/11\/20210228_115044-scaled-1-150x150.jpg 150w, https:\/\/lesterrassesdelabergerie.fr\/wp-content\/uploads\/2021\/11\/20210228_115044-scaled-1-160x160.jpg 160w\" sizes=\"(max-width: 150px) 100vw, 150px\" \/><\/a>\n\t\t\t<\/dt><\/dl><br style=\"clear: both\" \/><dl class='gallery-item'>\n\t\t\t<dt class='gallery-icon landscape'>\n\t\t\t\t<a data-elementor-open-lightbox=\"yes\" data-elementor-lightbox-slideshow=\"d2fa360\" data-e-action-hash=\"#elementor-action%3Aaction%3Dlightbox%26settings%3DeyJpZCI6MTc1NCwidXJsIjoiaHR0cHM6XC9cL2xlc3RlcnJhc3Nlc2RlbGFiZXJnZXJpZS5mclwvd3AtY29udGVudFwvdXBsb2Fkc1wvMjAyMVwvMTFcL0xMLU9yY2llcmVzLmpwZyIsInNsaWRlc2hvdyI6ImQyZmEzNjAifQ%3D%3D\" data-elementor-lightbox-title=\"LL-Orcieres.jpg\" href='https:\/\/lesterrassesdelabergerie.fr\/wp-content\/uploads\/2021\/11\/LL-Orcieres.jpg'><img loading=\"lazy\" decoding=\"async\" width=\"150\" height=\"150\" src=\"https:\/\/lesterrassesdelabergerie.fr\/wp-content\/uploads\/2021\/11\/LL-Orcieres-150x150.jpg\" class=\"attachment-thumbnail size-thumbnail\" alt=\"\" srcset=\"https:\/\/lesterrassesdelabergerie.fr\/wp-content\/uploads\/2021\/11\/LL-Orcieres-150x150.jpg 150w, https:\/\/lesterrassesdelabergerie.fr\/wp-content\/uploads\/2021\/11\/LL-Orcieres-160x160.jpg 160w\" sizes=\"(max-width: 150px) 100vw, 150px\" \/><\/a>\n\t\t\t<\/dt><\/dl><dl class='gallery-item'>\n\t\t\t<dt class='gallery-icon landscape'>\n\t\t\t\t<a data-elementor-open-lightbox=\"yes\" data-elementor-lightbox-slideshow=\"d2fa360\" data-e-action-hash=\"#elementor-action%3Aaction%3Dlightbox%26settings%3DeyJpZCI6MTQxNCwidXJsIjoiaHR0cHM6XC9cL2xlc3RlcnJhc3Nlc2RlbGFiZXJnZXJpZS5mclwvd3AtY29udGVudFwvdXBsb2Fkc1wvMjAyMVwvMTBcL09yY2llcmVzLVBpc2NpbmUuanBnIiwic2xpZGVzaG93IjoiZDJmYTM2MCJ9\" data-elementor-lightbox-title=\"LL-Orcieres.jpg\" href='https:\/\/lesterrassesdelabergerie.fr\/wp-content\/uploads\/2021\/10\/Orcieres-Piscine.jpg'><img loading=\"lazy\" decoding=\"async\" width=\"150\" height=\"150\" src=\"https:\/\/lesterrassesdelabergerie.fr\/wp-content\/uploads\/2021\/10\/Orcieres-Piscine-150x150.jpg\" class=\"attachment-thumbnail size-thumbnail\" alt=\"\" srcset=\"https:\/\/lesterrassesdelabergerie.fr\/wp-content\/uploads\/2021\/10\/Orcieres-Piscine-150x150.jpg 150w, https:\/\/lesterrassesdelabergerie.fr\/wp-content\/uploads\/2021\/10\/Orcieres-Piscine-160x160.jpg 160w\" sizes=\"(max-width: 150px) 100vw, 150px\" \/><\/a>\n\t\t\t<\/dt><\/dl><dl class='gallery-item'>\n\t\t\t<dt class='gallery-icon landscape'>\n\t\t\t\t<a data-elementor-open-lightbox=\"yes\" data-elementor-lightbox-slideshow=\"d2fa360\" data-e-action-hash=\"#elementor-action%3Aaction%3Dlightbox%26settings%3DeyJpZCI6MTQyNSwidXJsIjoiaHR0cHM6XC9cL2xlc3RlcnJhc3Nlc2RlbGFiZXJnZXJpZS5mclwvd3AtY29udGVudFwvdXBsb2Fkc1wvMjAyMVwvMTBcL09yY2llcmVzLVBvb2wtMS5qcGciLCJzbGlkZXNob3ciOiJkMmZhMzYwIn0%3D\" data-elementor-lightbox-title=\"LL-Orcieres.jpg\" href='https:\/\/lesterrassesdelabergerie.fr\/wp-content\/uploads\/2021\/10\/Orcieres-Pool-1.jpg'><img loading=\"lazy\" decoding=\"async\" width=\"150\" height=\"150\" src=\"https:\/\/lesterrassesdelabergerie.fr\/wp-content\/uploads\/2021\/10\/Orcieres-Pool-1-150x150.jpg\" class=\"attachment-thumbnail size-thumbnail\" alt=\"\" srcset=\"https:\/\/lesterrassesdelabergerie.fr\/wp-content\/uploads\/2021\/10\/Orcieres-Pool-1-150x150.jpg 150w, https:\/\/lesterrassesdelabergerie.fr\/wp-content\/uploads\/2021\/10\/Orcieres-Pool-1-160x160.jpg 160w\" sizes=\"(max-width: 150px) 100vw, 150px\" \/><\/a>\n\t\t\t<\/dt><\/dl><dl class='gallery-item'>\n\t\t\t<dt class='gallery-icon landscape'>\n\t\t\t\t<a data-elementor-open-lightbox=\"yes\" data-elementor-lightbox-slideshow=\"d2fa360\" data-e-action-hash=\"#elementor-action%3Aaction%3Dlightbox%26settings%3DeyJpZCI6MTQyNCwidXJsIjoiaHR0cHM6XC9cL2xlc3RlcnJhc3Nlc2RlbGFiZXJnZXJpZS5mclwvd3AtY29udGVudFwvdXBsb2Fkc1wvMjAyMVwvMTBcL09yY2llcmVzLVBvb2wtMi5qcGciLCJzbGlkZXNob3ciOiJkMmZhMzYwIn0%3D\" data-elementor-lightbox-title=\"LL-Orcieres.jpg\" href='https:\/\/lesterrassesdelabergerie.fr\/wp-content\/uploads\/2021\/10\/Orcieres-Pool-2.jpg'><img loading=\"lazy\" decoding=\"async\" width=\"150\" height=\"150\" src=\"https:\/\/lesterrassesdelabergerie.fr\/wp-content\/uploads\/2021\/10\/Orcieres-Pool-2-150x150.jpg\" class=\"attachment-thumbnail size-thumbnail\" alt=\"\" srcset=\"https:\/\/lesterrassesdelabergerie.fr\/wp-content\/uploads\/2021\/10\/Orcieres-Pool-2-150x150.jpg 150w, https:\/\/lesterrassesdelabergerie.fr\/wp-content\/uploads\/2021\/10\/Orcieres-Pool-2-160x160.jpg 160w\" sizes=\"(max-width: 150px) 100vw, 150px\" \/><\/a>\n\t\t\t<\/dt><\/dl><br style=\"clear: both\" \/><dl class='gallery-item'>\n\t\t\t<dt class='gallery-icon portrait'>\n\t\t\t\t<a data-elementor-open-lightbox=\"yes\" data-elementor-lightbox-slideshow=\"d2fa360\" data-e-action-hash=\"#elementor-action%3Aaction%3Dlightbox%26settings%3DeyJpZCI6MjIzMCwidXJsIjoiaHR0cHM6XC9cL2xlc3RlcnJhc3Nlc2RlbGFiZXJnZXJpZS5mclwvd3AtY29udGVudFwvdXBsb2Fkc1wvMjAyMlwvMDJcL0lNRy00MjYwLXNjYWxlZC5qcGciLCJzbGlkZXNob3ciOiJkMmZhMzYwIn0%3D\" data-elementor-lightbox-title=\"LL-Orcieres.jpg\" href='https:\/\/lesterrassesdelabergerie.fr\/wp-content\/uploads\/2022\/02\/IMG-4260-scaled.jpg'><img loading=\"lazy\" decoding=\"async\" width=\"150\" height=\"150\" src=\"https:\/\/lesterrassesdelabergerie.fr\/wp-content\/uploads\/2022\/02\/IMG-4260-150x150.jpg\" class=\"attachment-thumbnail size-thumbnail\" alt=\"\" \/><\/a>\n\t\t\t<\/dt><\/dl><dl class='gallery-item'>\n\t\t\t<dt class='gallery-icon landscape'>\n\t\t\t\t<a data-elementor-open-lightbox=\"yes\" data-elementor-lightbox-slideshow=\"d2fa360\" data-e-action-hash=\"#elementor-action%3Aaction%3Dlightbox%26settings%3DeyJpZCI6MjIzMSwidXJsIjoiaHR0cHM6XC9cL2xlc3RlcnJhc3Nlc2RlbGFiZXJnZXJpZS5mclwvd3AtY29udGVudFwvdXBsb2Fkc1wvMjAyMlwvMDJcL0lNRy00MjYxLXNjYWxlZC5qcGciLCJzbGlkZXNob3ciOiJkMmZhMzYwIn0%3D\" data-elementor-lightbox-title=\"LL-Orcieres.jpg\" href='https:\/\/lesterrassesdelabergerie.fr\/wp-content\/uploads\/2022\/02\/IMG-4261-scaled.jpg'><img loading=\"lazy\" decoding=\"async\" width=\"150\" height=\"150\" src=\"https:\/\/lesterrassesdelabergerie.fr\/wp-content\/uploads\/2022\/02\/IMG-4261-150x150.jpg\" class=\"attachment-thumbnail size-thumbnail\" alt=\"\" \/><\/a>\n\t\t\t<\/dt><\/dl><dl class='gallery-item'>\n\t\t\t<dt class='gallery-icon landscape'>\n\t\t\t\t<a data-elementor-open-lightbox=\"yes\" data-elementor-lightbox-slideshow=\"d2fa360\" data-e-action-hash=\"#elementor-action%3Aaction%3Dlightbox%26settings%3DeyJpZCI6MTkzMywidXJsIjoiaHR0cHM6XC9cL2xlc3RlcnJhc3Nlc2RlbGFiZXJnZXJpZS5mclwvd3AtY29udGVudFwvdXBsb2Fkc1wvMjAyMlwvMDFcL0lNR185NTM5LmpwZyIsInNsaWRlc2hvdyI6ImQyZmEzNjAifQ%3D%3D\" data-elementor-lightbox-title=\"LL-Orcieres.jpg\" href='https:\/\/lesterrassesdelabergerie.fr\/wp-content\/uploads\/2022\/01\/IMG_9539.jpg'><img loading=\"lazy\" decoding=\"async\" width=\"150\" height=\"150\" src=\"https:\/\/lesterrassesdelabergerie.fr\/wp-content\/uploads\/2022\/01\/IMG_9539-150x150.jpg\" class=\"attachment-thumbnail size-thumbnail\" alt=\"\" srcset=\"https:\/\/lesterrassesdelabergerie.fr\/wp-content\/uploads\/2022\/01\/IMG_9539-150x150.jpg 150w, https:\/\/lesterrassesdelabergerie.fr\/wp-content\/uploads\/2022\/01\/IMG_9539-160x160.jpg 160w\" sizes=\"(max-width: 150px) 100vw, 150px\" \/><\/a>\n\t\t\t<\/dt><\/dl><dl class='gallery-item'>\n\t\t\t<dt class='gallery-icon landscape'>\n\t\t\t\t<a data-elementor-open-lightbox=\"yes\" data-elementor-lightbox-slideshow=\"d2fa360\" data-e-action-hash=\"#elementor-action%3Aaction%3Dlightbox%26settings%3DeyJpZCI6MjIxNSwidXJsIjoiaHR0cHM6XC9cL2xlc3RlcnJhc3Nlc2RlbGFiZXJnZXJpZS5mclwvd3AtY29udGVudFwvdXBsb2Fkc1wvMjAyMlwvMDJcLzIwMjIwMTIzXzEwMTU0MC1zY2FsZWQuanBnIiwic2xpZGVzaG93IjoiZDJmYTM2MCJ9\" data-elementor-lightbox-title=\"LL-Orcieres.jpg\" href='https:\/\/lesterrassesdelabergerie.fr\/wp-content\/uploads\/2022\/02\/20220123_101540-scaled.jpg'><img loading=\"lazy\" decoding=\"async\" width=\"150\" height=\"150\" src=\"https:\/\/lesterrassesdelabergerie.fr\/wp-content\/uploads\/2022\/02\/20220123_101540-150x150.jpg\" class=\"attachment-thumbnail size-thumbnail\" alt=\"\" \/><\/a>\n\t\t\t<\/dt><\/dl><br style=\"clear: both\" \/><dl class='gallery-item'>\n\t\t\t<dt class='gallery-icon landscape'>\n\t\t\t\t<a data-elementor-open-lightbox=\"yes\" data-elementor-lightbox-slideshow=\"d2fa360\" data-e-action-hash=\"#elementor-action%3Aaction%3Dlightbox%26settings%3DeyJpZCI6MTkzNSwidXJsIjoiaHR0cHM6XC9cL2xlc3RlcnJhc3Nlc2RlbGFiZXJnZXJpZS5mclwvd3AtY29udGVudFwvdXBsb2Fkc1wvMjAyMlwvMDFcL0lNR185NTM2LmpwZyIsInNsaWRlc2hvdyI6ImQyZmEzNjAifQ%3D%3D\" data-elementor-lightbox-title=\"LL-Orcieres.jpg\" href='https:\/\/lesterrassesdelabergerie.fr\/wp-content\/uploads\/2022\/01\/IMG_9536.jpg'><img loading=\"lazy\" decoding=\"async\" width=\"150\" height=\"150\" src=\"https:\/\/lesterrassesdelabergerie.fr\/wp-content\/uploads\/2022\/01\/IMG_9536-150x150.jpg\" class=\"attachment-thumbnail size-thumbnail\" alt=\"\" srcset=\"https:\/\/lesterrassesdelabergerie.fr\/wp-content\/uploads\/2022\/01\/IMG_9536-150x150.jpg 150w, https:\/\/lesterrassesdelabergerie.fr\/wp-content\/uploads\/2022\/01\/IMG_9536-160x160.jpg 160w\" sizes=\"(max-width: 150px) 100vw, 150px\" \/><\/a>\n\t\t\t<\/dt><\/dl><dl class='gallery-item'>\n\t\t\t<dt class='gallery-icon landscape'>\n\t\t\t\t<a data-elementor-open-lightbox=\"yes\" data-elementor-lightbox-slideshow=\"d2fa360\" data-e-action-hash=\"#elementor-action%3Aaction%3Dlightbox%26settings%3DeyJpZCI6MTc1OCwidXJsIjoiaHR0cHM6XC9cL2xlc3RlcnJhc3Nlc2RlbGFiZXJnZXJpZS5mclwvd3AtY29udGVudFwvdXBsb2Fkc1wvMjAyMVwvMTFcLzIwMjEwMjI4XzExMDMwNi1zY2FsZWQtZTE2MTc3OTIwODY2MzIuanBnIiwic2xpZGVzaG93IjoiZDJmYTM2MCJ9\" data-elementor-lightbox-title=\"20210228_110306-scaled-e1617792086632.jpg\" href='https:\/\/lesterrassesdelabergerie.fr\/wp-content\/uploads\/2021\/11\/20210228_110306-scaled-e1617792086632.jpg'><img loading=\"lazy\" decoding=\"async\" width=\"150\" height=\"150\" src=\"https:\/\/lesterrassesdelabergerie.fr\/wp-content\/uploads\/2021\/11\/20210228_110306-scaled-e1617792086632-150x150.jpg\" class=\"attachment-thumbnail size-thumbnail\" alt=\"\" srcset=\"https:\/\/lesterrassesdelabergerie.fr\/wp-content\/uploads\/2021\/11\/20210228_110306-scaled-e1617792086632-150x150.jpg 150w, https:\/\/lesterrassesdelabergerie.fr\/wp-content\/uploads\/2021\/11\/20210228_110306-scaled-e1617792086632-160x160.jpg 160w\" sizes=\"(max-width: 150px) 100vw, 150px\" \/><\/a>\n\t\t\t<\/dt><\/dl><dl class='gallery-item'>\n\t\t\t<dt class='gallery-icon landscape'>\n\t\t\t\t<a data-elementor-open-lightbox=\"yes\" data-elementor-lightbox-slideshow=\"d2fa360\" data-e-action-hash=\"#elementor-action%3Aaction%3Dlightbox%26settings%3DeyJpZCI6MTc1OSwidXJsIjoiaHR0cHM6XC9cL2xlc3RlcnJhc3Nlc2RlbGFiZXJnZXJpZS5mclwvd3AtY29udGVudFwvdXBsb2Fkc1wvMjAyMVwvMTFcL09yY2llcmVzLUxlcy1UZXJyYXNzZXMtZGUtbGEtQmVyZ2VyaWUuanBnIiwic2xpZGVzaG93IjoiZDJmYTM2MCJ9\" data-elementor-lightbox-title=\"20210228_110306-scaled-e1617792086632.jpg\" href='https:\/\/lesterrassesdelabergerie.fr\/wp-content\/uploads\/2021\/11\/Orcieres-Les-Terrasses-de-la-Bergerie.jpg'><img loading=\"lazy\" decoding=\"async\" width=\"150\" height=\"150\" src=\"https:\/\/lesterrassesdelabergerie.fr\/wp-content\/uploads\/2021\/11\/Orcieres-Les-Terrasses-de-la-Bergerie-150x150.jpg\" class=\"attachment-thumbnail size-thumbnail\" alt=\"\" srcset=\"https:\/\/lesterrassesdelabergerie.fr\/wp-content\/uploads\/2021\/11\/Orcieres-Les-Terrasses-de-la-Bergerie-150x150.jpg 150w, https:\/\/lesterrassesdelabergerie.fr\/wp-content\/uploads\/2021\/11\/Orcieres-Les-Terrasses-de-la-Bergerie-160x160.jpg 160w\" sizes=\"(max-width: 150px) 100vw, 150px\" \/><\/a>\n\t\t\t<\/dt><\/dl><dl class='gallery-item'>\n\t\t\t<dt class='gallery-icon landscape'>\n\t\t\t\t<a data-elementor-open-lightbox=\"yes\" data-elementor-lightbox-slideshow=\"d2fa360\" data-e-action-hash=\"#elementor-action%3Aaction%3Dlightbox%26settings%3DeyJpZCI6MTQyMywidXJsIjoiaHR0cHM6XC9cL2xlc3RlcnJhc3Nlc2RlbGFiZXJnZXJpZS5mclwvd3AtY29udGVudFwvdXBsb2Fkc1wvMjAyMVwvMTBcL09yY2llcmVzLURlc2NlbnRlLmpwZyIsInNsaWRlc2hvdyI6ImQyZmEzNjAifQ%3D%3D\" data-elementor-lightbox-title=\"20210228_110306-scaled-e1617792086632.jpg\" href='https:\/\/lesterrassesdelabergerie.fr\/wp-content\/uploads\/2021\/10\/Orcieres-Descente.jpg'><img loading=\"lazy\" decoding=\"async\" width=\"150\" height=\"150\" src=\"https:\/\/lesterrassesdelabergerie.fr\/wp-content\/uploads\/2021\/10\/Orcieres-Descente-150x150.jpg\" class=\"attachment-thumbnail size-thumbnail\" alt=\"\" srcset=\"https:\/\/lesterrassesdelabergerie.fr\/wp-content\/uploads\/2021\/10\/Orcieres-Descente-150x150.jpg 150w, https:\/\/lesterrassesdelabergerie.fr\/wp-content\/uploads\/2021\/10\/Orcieres-Descente-160x160.jpg 160w\" sizes=\"(max-width: 150px) 100vw, 150px\" \/><\/a>\n\t\t\t<\/dt><\/dl><br style=\"clear: both\" \/><dl class='gallery-item'>\n\t\t\t<dt class='gallery-icon landscape'>\n\t\t\t\t<a data-elementor-open-lightbox=\"yes\" data-elementor-lightbox-slideshow=\"d2fa360\" data-e-action-hash=\"#elementor-action%3Aaction%3Dlightbox%26settings%3DeyJpZCI6MTQzMSwidXJsIjoiaHR0cHM6XC9cL2xlc3RlcnJhc3Nlc2RlbGFiZXJnZXJpZS5mclwvd3AtY29udGVudFwvdXBsb2Fkc1wvMjAyMVwvMTBcL09yY2llcmVzLVNraS1kZS1mb25kLmpwZyIsInNsaWRlc2hvdyI6ImQyZmEzNjAifQ%3D%3D\" data-elementor-lightbox-title=\"20210228_110306-scaled-e1617792086632.jpg\" href='https:\/\/lesterrassesdelabergerie.fr\/wp-content\/uploads\/2021\/10\/Orcieres-Ski-de-fond.jpg'><img loading=\"lazy\" decoding=\"async\" width=\"150\" height=\"150\" src=\"https:\/\/lesterrassesdelabergerie.fr\/wp-content\/uploads\/2021\/10\/Orcieres-Ski-de-fond-150x150.jpg\" class=\"attachment-thumbnail size-thumbnail\" alt=\"\" srcset=\"https:\/\/lesterrassesdelabergerie.fr\/wp-content\/uploads\/2021\/10\/Orcieres-Ski-de-fond-150x150.jpg 150w, https:\/\/lesterrassesdelabergerie.fr\/wp-content\/uploads\/2021\/10\/Orcieres-Ski-de-fond-160x160.jpg 160w\" sizes=\"(max-width: 150px) 100vw, 150px\" \/><\/a>\n\t\t\t<\/dt><\/dl><dl class='gallery-item'>\n\t\t\t<dt class='gallery-icon landscape'>\n\t\t\t\t<a data-elementor-open-lightbox=\"yes\" data-elementor-lightbox-slideshow=\"d2fa360\" data-e-action-hash=\"#elementor-action%3Aaction%3Dlightbox%26settings%3DeyJpZCI6NDI0LCJ1cmwiOiJodHRwczpcL1wvbGVzdGVycmFzc2VzZGVsYWJlcmdlcmllLmZyXC93cC1jb250ZW50XC91cGxvYWRzXC8yMDIxXC8wMlwvY3NtXzc3MjQzOF9kYTkzNmQ0MzJkLmpwZyIsInNsaWRlc2hvdyI6ImQyZmEzNjAifQ%3D%3D\" data-elementor-lightbox-title=\"20210228_110306-scaled-e1617792086632.jpg\" href='https:\/\/lesterrassesdelabergerie.fr\/wp-content\/uploads\/2021\/02\/csm_772438_da936d432d.jpg'><img loading=\"lazy\" decoding=\"async\" width=\"150\" height=\"150\" src=\"https:\/\/lesterrassesdelabergerie.fr\/wp-content\/uploads\/2021\/02\/csm_772438_da936d432d-150x150.jpg\" class=\"attachment-thumbnail size-thumbnail\" alt=\"\" srcset=\"https:\/\/lesterrassesdelabergerie.fr\/wp-content\/uploads\/2021\/02\/csm_772438_da936d432d-150x150.jpg 150w, https:\/\/lesterrassesdelabergerie.fr\/wp-content\/uploads\/2021\/02\/csm_772438_da936d432d-160x160.jpg 160w\" sizes=\"(max-width: 150px) 100vw, 150px\" \/><\/a>\n\t\t\t<\/dt><\/dl><dl class='gallery-item'>\n\t\t\t<dt class='gallery-icon landscape'>\n\t\t\t\t<a data-elementor-open-lightbox=\"yes\" data-elementor-lightbox-slideshow=\"d2fa360\" data-e-action-hash=\"#elementor-action%3Aaction%3Dlightbox%26settings%3DeyJpZCI6NDI1LCJ1cmwiOiJodHRwczpcL1wvbGVzdGVycmFzc2VzZGVsYWJlcmdlcmllLmZyXC93cC1jb250ZW50XC91cGxvYWRzXC8yMDIxXC8wMlwvcm9sbC1haXItY2FibGUuanBnIiwic2xpZGVzaG93IjoiZDJmYTM2MCJ9\" data-elementor-lightbox-title=\"20210228_110306-scaled-e1617792086632.jpg\" href='https:\/\/lesterrassesdelabergerie.fr\/wp-content\/uploads\/2021\/02\/roll-air-cable.jpg'><img loading=\"lazy\" decoding=\"async\" width=\"150\" height=\"150\" src=\"https:\/\/lesterrassesdelabergerie.fr\/wp-content\/uploads\/2021\/02\/roll-air-cable-150x150.jpg\" class=\"attachment-thumbnail size-thumbnail\" alt=\"\" srcset=\"https:\/\/lesterrassesdelabergerie.fr\/wp-content\/uploads\/2021\/02\/roll-air-cable-150x150.jpg 150w, https:\/\/lesterrassesdelabergerie.fr\/wp-content\/uploads\/2021\/02\/roll-air-cable-160x160.jpg 160w\" sizes=\"(max-width: 150px) 100vw, 150px\" \/><\/a>\n\t\t\t<\/dt><\/dl>\n\t\t\t<br style='clear: both' \/>\n\t\t<\/div>\n\t\t<\/div>\n\t\t\t\t\t\t<\/div>\n\t\t\t\t<\/div>\n\t\t\t\t\t<\/div>\n\t\t<\/div>\n\t\t\t\t\t<\/div>\n\t\t<\/section>\n\t\t\t\t<section class=\"elementor-section elementor-top-section elementor-element elementor-element-a20bc17 elementor-section-stretched snow-bg elementor-section-boxed elementor-section-height-default elementor-section-height-default\" data-id=\"a20bc17\" data-element_type=\"section\" data-settings=\"{&quot;stretch_section&quot;:&quot;section-stretched&quot;}\">\n\t\t\t\t\t\t<div class=\"elementor-container elementor-column-gap-default\">\n\t\t\t\t\t<div class=\"elementor-column elementor-col-100 elementor-top-column elementor-element elementor-element-b73ff8e\" data-id=\"b73ff8e\" data-element_type=\"column\">\n\t\t\t<div class=\"elementor-widget-wrap elementor-element-populated\">\n\t\t\t\t\t\t<div class=\"elementor-element elementor-element-8a62851 elementor-button-info elementor-align-center elementor-widget elementor-widget-button\" data-id=\"8a62851\" data-element_type=\"widget\" data-widget_type=\"button.default\">\n\t\t\t\t<div class=\"elementor-widget-container\">\n\t\t\t\t\t\t\t\t\t<div class=\"elementor-button-wrapper\">\n\t\t\t\t\t<a class=\"elementor-button elementor-button-link elementor-size-lg\" href=\"https:\/\/lesterrassesdelabergerie.fr\/en\/contact\/\" target=\"_blank\">\n\t\t\t\t\t\t<span class=\"elementor-button-content-wrapper\">\n\t\t\t\t\t\t\t\t\t<span class=\"elementor-button-text\">Contact us<\/span>\n\t\t\t\t\t<\/span>\n\t\t\t\t\t<\/a>\n\t\t\t\t<\/div>\n\t\t\t\t\t\t\t\t<\/div>\n\t\t\t\t<\/div>\n\t\t\t\t\t<\/div>\n\t\t<\/div>\n\t\t\t\t\t<\/div>\n\t\t<\/section>\n\t\t\t\t<\/div>","protected":false},"excerpt":{"rendered":"<p>Contact us<\/p>","protected":false},"author":1,"featured_media":0,"parent":0,"menu_order":3,"comment_status":"closed","ping_status":"closed","template":"","meta":{"_glsr_average":0,"_glsr_ranking":0,"_glsr_reviews":0,"footnotes":""},"class_list":["post-438","page","type-page","status-publish","hentry"],"yoast_head":"<!-- This site is optimized with the Yoast SEO plugin v26.4 - https:\/\/yoast.com\/wordpress\/plugins\/seo\/ -->\n<title>Les Terrasses de la Bergerie - Photos<\/title>\n<meta name=\"description\" content=\"Louez votre appartement dans la r\u00e9sidence la mieux situ\u00e9e a Orci\u00e8res - Rent your ski apartment in the best located residence at Orci\u00e8res.\" \/>\n<meta name=\"robots\" content=\"index, follow, max-snippet:-1, max-image-preview:large, max-video-preview:-1\" \/>\n<link rel=\"canonical\" href=\"https:\/\/lesterrassesdelabergerie.fr\/en\/photos\/\" \/>\n<meta property=\"og:locale\" content=\"en_GB\" \/>\n<meta property=\"og:type\" content=\"article\" \/>\n<meta property=\"og:title\" content=\"Les Terrasses de la Bergerie - Photos\" \/>\n<meta property=\"og:description\" content=\"Louez votre appartement dans la r\u00e9sidence la mieux situ\u00e9e a Orci\u00e8res - Rent your ski apartment in the best located residence at Orci\u00e8res.\" \/>\n<meta property=\"og:url\" content=\"https:\/\/lesterrassesdelabergerie.fr\/en\/photos\/\" \/>\n<meta property=\"og:site_name\" content=\"Les Terrasses de la Bergerie - Officiel Propri\u00e9taires\" \/>\n<meta property=\"article:modified_time\" content=\"2025-11-24T14:05:11+00:00\" \/>\n<meta property=\"og:image\" content=\"https:\/\/lesterrassesdelabergerie.fr\/wp-content\/uploads\/2021\/02\/140463-150x150.jpg\" \/>\n<meta name=\"twitter:card\" content=\"summary_large_image\" \/>\n<meta name=\"twitter:label1\" content=\"Estimated reading time\" \/>\n\t<meta name=\"twitter:data1\" content=\"7 minutes\" \/>\n<script type=\"application\/ld+json\" class=\"yoast-schema-graph\">{\"@context\":\"https:\/\/schema.org\",\"@graph\":[{\"@type\":\"WebPage\",\"@id\":\"https:\/\/lesterrassesdelabergerie.fr\/photos\/\",\"url\":\"https:\/\/lesterrassesdelabergerie.fr\/photos\/\",\"name\":\"Les Terrasses de la Bergerie - Photos\",\"isPartOf\":{\"@id\":\"https:\/\/lesterrassesdelabergerie.fr\/#website\"},\"primaryImageOfPage\":{\"@id\":\"https:\/\/lesterrassesdelabergerie.fr\/photos\/#primaryimage\"},\"image\":{\"@id\":\"https:\/\/lesterrassesdelabergerie.fr\/photos\/#primaryimage\"},\"thumbnailUrl\":\"https:\/\/lesterrassesdelabergerie.fr\/wp-content\/uploads\/2021\/02\/140463-150x150.jpg\",\"datePublished\":\"2021-02-22T15:06:41+00:00\",\"dateModified\":\"2025-11-24T14:05:11+00:00\",\"description\":\"Louez votre appartement dans la r\u00e9sidence la mieux situ\u00e9e a Orci\u00e8res - Rent your ski apartment in the best located residence at Orci\u00e8res.\",\"breadcrumb\":{\"@id\":\"https:\/\/lesterrassesdelabergerie.fr\/photos\/#breadcrumb\"},\"inLanguage\":\"en-GB\",\"potentialAction\":[{\"@type\":\"ReadAction\",\"target\":[\"https:\/\/lesterrassesdelabergerie.fr\/photos\/\"]}]},{\"@type\":\"ImageObject\",\"inLanguage\":\"en-GB\",\"@id\":\"https:\/\/lesterrassesdelabergerie.fr\/photos\/#primaryimage\",\"url\":\"https:\/\/lesterrassesdelabergerie.fr\/wp-content\/uploads\/2021\/02\/140463-150x150.jpg\",\"contentUrl\":\"https:\/\/lesterrassesdelabergerie.fr\/wp-content\/uploads\/2021\/02\/140463-150x150.jpg\"},{\"@type\":\"BreadcrumbList\",\"@id\":\"https:\/\/lesterrassesdelabergerie.fr\/photos\/#breadcrumb\",\"itemListElement\":[{\"@type\":\"ListItem\",\"position\":1,\"name\":\"Home\",\"item\":\"https:\/\/lesterrassesdelabergerie.fr\/\"},{\"@type\":\"ListItem\",\"position\":2,\"name\":\"Photos\"}]},{\"@type\":\"WebSite\",\"@id\":\"https:\/\/lesterrassesdelabergerie.fr\/#website\",\"url\":\"https:\/\/lesterrassesdelabergerie.fr\/\",\"name\":\"Les Terrasses de la Bergerie - Officiel Propri\u00e9taires\",\"description\":\"Les Terrasses de la Bergerie\",\"publisher\":{\"@id\":\"https:\/\/lesterrassesdelabergerie.fr\/#organization\"},\"potentialAction\":[{\"@type\":\"SearchAction\",\"target\":{\"@type\":\"EntryPoint\",\"urlTemplate\":\"https:\/\/lesterrassesdelabergerie.fr\/?s={search_term_string}\"},\"query-input\":{\"@type\":\"PropertyValueSpecification\",\"valueRequired\":true,\"valueName\":\"search_term_string\"}}],\"inLanguage\":\"en-GB\"},{\"@type\":\"Organization\",\"@id\":\"https:\/\/lesterrassesdelabergerie.fr\/#organization\",\"name\":\"Les Terrasses de la Bergerie - Officiel Propri\u00e9taires\",\"url\":\"https:\/\/lesterrassesdelabergerie.fr\/\",\"logo\":{\"@type\":\"ImageObject\",\"inLanguage\":\"en-GB\",\"@id\":\"https:\/\/lesterrassesdelabergerie.fr\/#\/schema\/logo\/image\/\",\"url\":\"https:\/\/lesterrassesdelabergerie.fr\/wp-content\/uploads\/2021\/11\/cropped-imageedit_1_3368924813-1.png\",\"contentUrl\":\"https:\/\/lesterrassesdelabergerie.fr\/wp-content\/uploads\/2021\/11\/cropped-imageedit_1_3368924813-1.png\",\"width\":512,\"height\":512,\"caption\":\"Les Terrasses de la Bergerie - Officiel Propri\u00e9taires\"},\"image\":{\"@id\":\"https:\/\/lesterrassesdelabergerie.fr\/#\/schema\/logo\/image\/\"}}]}<\/script>\n<!-- \/ Yoast SEO plugin. -->","yoast_head_json":{"title":"Les Terrasses de la Bergerie - Photos","description":"Louez votre appartement dans la r\u00e9sidence la mieux situ\u00e9e a Orci\u00e8res - Rent your ski apartment in the best located residence at Orci\u00e8res.","robots":{"index":"index","follow":"follow","max-snippet":"max-snippet:-1","max-image-preview":"max-image-preview:large","max-video-preview":"max-video-preview:-1"},"canonical":"https:\/\/lesterrassesdelabergerie.fr\/en\/photos\/","og_locale":"en_GB","og_type":"article","og_title":"Les Terrasses de la Bergerie - Photos","og_description":"Louez votre appartement dans la r\u00e9sidence la mieux situ\u00e9e a Orci\u00e8res - Rent your ski apartment in the best located residence at Orci\u00e8res.","og_url":"https:\/\/lesterrassesdelabergerie.fr\/en\/photos\/","og_site_name":"Les Terrasses de la Bergerie - Officiel Propri\u00e9taires","article_modified_time":"2025-11-24T14:05:11+00:00","og_image":[{"url":"https:\/\/lesterrassesdelabergerie.fr\/wp-content\/uploads\/2021\/02\/140463-150x150.jpg","type":"","width":"","height":""}],"twitter_card":"summary_large_image","twitter_misc":{"Estimated reading time":"7 minutes"},"schema":{"@context":"https:\/\/schema.org","@graph":[{"@type":"WebPage","@id":"https:\/\/lesterrassesdelabergerie.fr\/photos\/","url":"https:\/\/lesterrassesdelabergerie.fr\/photos\/","name":"Les Terrasses de la Bergerie - Photos","isPartOf":{"@id":"https:\/\/lesterrassesdelabergerie.fr\/#website"},"primaryImageOfPage":{"@id":"https:\/\/lesterrassesdelabergerie.fr\/photos\/#primaryimage"},"image":{"@id":"https:\/\/lesterrassesdelabergerie.fr\/photos\/#primaryimage"},"thumbnailUrl":"https:\/\/lesterrassesdelabergerie.fr\/wp-content\/uploads\/2021\/02\/140463-150x150.jpg","datePublished":"2021-02-22T15:06:41+00:00","dateModified":"2025-11-24T14:05:11+00:00","description":"Louez votre appartement dans la r\u00e9sidence la mieux situ\u00e9e a Orci\u00e8res - Rent your ski apartment in the best located residence at Orci\u00e8res.","breadcrumb":{"@id":"https:\/\/lesterrassesdelabergerie.fr\/photos\/#breadcrumb"},"inLanguage":"en-GB","potentialAction":[{"@type":"ReadAction","target":["https:\/\/lesterrassesdelabergerie.fr\/photos\/"]}]},{"@type":"ImageObject","inLanguage":"en-GB","@id":"https:\/\/lesterrassesdelabergerie.fr\/photos\/#primaryimage","url":"https:\/\/lesterrassesdelabergerie.fr\/wp-content\/uploads\/2021\/02\/140463-150x150.jpg","contentUrl":"https:\/\/lesterrassesdelabergerie.fr\/wp-content\/uploads\/2021\/02\/140463-150x150.jpg"},{"@type":"BreadcrumbList","@id":"https:\/\/lesterrassesdelabergerie.fr\/photos\/#breadcrumb","itemListElement":[{"@type":"ListItem","position":1,"name":"Home","item":"https:\/\/lesterrassesdelabergerie.fr\/"},{"@type":"ListItem","position":2,"name":"Photos"}]},{"@type":"WebSite","@id":"https:\/\/lesterrassesdelabergerie.fr\/#website","url":"https:\/\/lesterrassesdelabergerie.fr\/","name":"Les Terrasses de la Bergerie - Officiel Propri\u00e9taires","description":"Les Terrasses de la Bergerie","publisher":{"@id":"https:\/\/lesterrassesdelabergerie.fr\/#organization"},"potentialAction":[{"@type":"SearchAction","target":{"@type":"EntryPoint","urlTemplate":"https:\/\/lesterrassesdelabergerie.fr\/?s={search_term_string}"},"query-input":{"@type":"PropertyValueSpecification","valueRequired":true,"valueName":"search_term_string"}}],"inLanguage":"en-GB"},{"@type":"Organization","@id":"https:\/\/lesterrassesdelabergerie.fr\/#organization","name":"Les Terrasses de la Bergerie - Officiel Propri\u00e9taires","url":"https:\/\/lesterrassesdelabergerie.fr\/","logo":{"@type":"ImageObject","inLanguage":"en-GB","@id":"https:\/\/lesterrassesdelabergerie.fr\/#\/schema\/logo\/image\/","url":"https:\/\/lesterrassesdelabergerie.fr\/wp-content\/uploads\/2021\/11\/cropped-imageedit_1_3368924813-1.png","contentUrl":"https:\/\/lesterrassesdelabergerie.fr\/wp-content\/uploads\/2021\/11\/cropped-imageedit_1_3368924813-1.png","width":512,"height":512,"caption":"Les Terrasses de la Bergerie - Officiel Propri\u00e9taires"},"image":{"@id":"https:\/\/lesterrassesdelabergerie.fr\/#\/schema\/logo\/image\/"}}]}},"_links":{"self":[{"href":"https:\/\/lesterrassesdelabergerie.fr\/en\/wp-json\/wp\/v2\/pages\/438","targetHints":{"allow":["GET"]}}],"collection":[{"href":"https:\/\/lesterrassesdelabergerie.fr\/en\/wp-json\/wp\/v2\/pages"}],"about":[{"href":"https:\/\/lesterrassesdelabergerie.fr\/en\/wp-json\/wp\/v2\/types\/page"}],"author":[{"embeddable":true,"href":"https:\/\/lesterrassesdelabergerie.fr\/en\/wp-json\/wp\/v2\/users\/1"}],"replies":[{"embeddable":true,"href":"https:\/\/lesterrassesdelabergerie.fr\/en\/wp-json\/wp\/v2\/comments?post=438"}],"version-history":[{"count":166,"href":"https:\/\/lesterrassesdelabergerie.fr\/en\/wp-json\/wp\/v2\/pages\/438\/revisions"}],"predecessor-version":[{"id":4317,"href":"https:\/\/lesterrassesdelabergerie.fr\/en\/wp-json\/wp\/v2\/pages\/438\/revisions\/4317"}],"wp:attachment":[{"href":"https:\/\/lesterrassesdelabergerie.fr\/en\/wp-json\/wp\/v2\/media?parent=438"}],"curies":[{"name":"wp","href":"https:\/\/api.w.org\/{rel}","templated":true}]}}